{"id":776,"date":"2025-10-09T11:47:54","date_gmt":"2025-10-09T09:47:54","guid":{"rendered":"https:\/\/www.la-maison-electrique.com\/blog\/?page_id=776"},"modified":"2026-01-07T09:17:12","modified_gmt":"2026-01-07T08:17:12","slug":"materiel-electrique-le-guide-complet","status":"publish","type":"page","link":"https:\/\/www.la-maison-electrique.com\/blog\/materiel-electrique-le-guide-complet\/","title":{"rendered":"Mat\u00e9riel \u00e9lectrique : le guide complet pour choisir vos \u00e9quipements"},"content":{"rendered":"\n<h2 class=\"wp-block-heading\"><strong>Qu\u2019est-ce que le mat\u00e9riel \u00e9lectrique ?<\/strong><\/h2>\n\n\n\n<p>Le <strong>mat\u00e9riel \u00e9lectrique<\/strong> regroupe l\u2019ensemble des composants n\u00e9cessaires \u00e0 la <strong>distribution<\/strong>, la <strong>protection<\/strong> et l\u2019<strong>utilisation du courant \u00e9lectrique<\/strong> dans une installation domestique, tertiaire ou industrielle.<br>Choisir du <strong>mat\u00e9riel conforme aux normes NF C 15-100<\/strong> est essentiel pour garantir la <strong>s\u00e9curit\u00e9 des personnes<\/strong>, la <strong>fiabilit\u00e9 des circuits<\/strong> et la <strong>durabilit\u00e9 des \u00e9quipements<\/strong>.<\/p>\n\n\n\n<p>On distingue plusieurs grandes familles de mat\u00e9riel \u00e9lectrique : les <strong>tableaux \u00e9lectriques<\/strong>, l\u2019<strong>appareillage mural<\/strong>, les <strong>disjoncteurs<\/strong>, les <strong>interrupteurs diff\u00e9rentiels<\/strong> et les <strong>c\u00e2bles \u00e9lectriques<\/strong>.<br>Chacun joue un r\u00f4le essentiel dans le bon fonctionnement d\u2019un r\u00e9seau \u00e9lectrique moderne.<\/p>\n\n\n\n<hr class=\"wp-block-separator has-alpha-channel-opacity is-style-wide\"\/>\n\n\n\n<h3 class=\"wp-block-heading\">Tableaux \u00c9lectriques : <\/h3>\n\n\n\n<div class=\"wp-block-columns is-layout-flex wp-container-core-columns-is-layout-9d6595d7 wp-block-columns-is-layout-flex\">\n<div class=\"wp-block-column is-vertically-aligned-center is-layout-flow wp-block-column-is-layout-flow\">\n<p>Le <strong>tableau \u00e9lectrique<\/strong> est le <strong>c\u0153ur de l\u2019installation<\/strong>.<\/p>\n\n\n\n<p><br>Il distribue le courant vers les diff\u00e9rents circuits (\u00e9clairage, prises, \u00e9lectrom\u00e9nager, chauffage, etc.).<br><br>Il int\u00e8gre les dispositifs de <strong>protection<\/strong> comme les disjoncteurs et interrupteurs diff\u00e9rentiels.<\/p>\n<\/div>\n\n\n\n<div class=\"wp-block-column is-layout-flow wp-block-column-is-layout-flow\">\n<figure class=\"wp-block-image size-full is-resized\"><img loading=\"lazy\" decoding=\"async\" width=\"800\" height=\"800\" src=\"https:\/\/www.la-maison-electrique.com\/blog\/wp-content\/uploads\/2025\/10\/coffret-rx-13m-4r-monte-cable-evolutif-t4t5-19441-1.jpg\" alt=\"tableau \u00e9lectrique \nmat\u00e9riel \u00e9lectrique\nmateriel electrique\nmateriels electriques\nmat\u00e9riels \u00e9lectriques\" class=\"wp-image-731\" style=\"width:336px;height:auto\" srcset=\"https:\/\/www.la-maison-electrique.com\/blog\/wp-content\/uploads\/2025\/10\/coffret-rx-13m-4r-monte-cable-evolutif-t4t5-19441-1.jpg 800w, https:\/\/www.la-maison-electrique.com\/blog\/wp-content\/uploads\/2025\/10\/coffret-rx-13m-4r-monte-cable-evolutif-t4t5-19441-1-300x300.jpg 300w, https:\/\/www.la-maison-electrique.com\/blog\/wp-content\/uploads\/2025\/10\/coffret-rx-13m-4r-monte-cable-evolutif-t4t5-19441-1-150x150.jpg 150w, https:\/\/www.la-maison-electrique.com\/blog\/wp-content\/uploads\/2025\/10\/coffret-rx-13m-4r-monte-cable-evolutif-t4t5-19441-1-768x768.jpg 768w, https:\/\/www.la-maison-electrique.com\/blog\/wp-content\/uploads\/2025\/10\/coffret-rx-13m-4r-monte-cable-evolutif-t4t5-19441-1-600x600.jpg 600w\" sizes=\"auto, (max-width: 800px) 100vw, 800px\" \/><\/figure>\n<\/div>\n<\/div>\n\n\n\n<hr class=\"wp-block-separator has-text-color has-white-color has-alpha-channel-opacity has-white-background-color has-background\"\/>\n\n\n\n<div class=\"wp-block-buttons is-layout-flex wp-block-buttons-is-layout-flex\">\n<div class=\"wp-block-button has-custom-width wp-block-button__width-100\"><a class=\"wp-block-button__link has-text-color has-background has-link-color wp-element-button\" href=\"https:\/\/www.la-maison-electrique.com\/tableau-electrique-au-detail-1284\" style=\"color:#d6d934;background-color:#0d5669\"><strong>NOTRE S\u00c9LECTION DE TABLEAUX \u00c9LECTRIQUES<\/strong><\/a><\/div>\n<\/div>\n\n\n\n<hr class=\"wp-block-separator has-alpha-channel-opacity is-style-wide\"\/>\n\n\n\n<h3 class=\"wp-block-heading\">Disjoncteurs <\/h3>\n\n\n\n<div class=\"wp-block-columns are-vertically-aligned-bottom is-layout-flex wp-container-core-columns-is-layout-9d6595d7 wp-block-columns-is-layout-flex\">\n<div class=\"wp-block-column is-vertically-aligned-bottom is-layout-flow wp-block-column-is-layout-flow\" style=\"flex-basis:25%\">\n<figure class=\"wp-block-image size-full\"><img loading=\"lazy\" decoding=\"async\" width=\"800\" height=\"800\" src=\"https:\/\/www.la-maison-electrique.com\/blog\/wp-content\/uploads\/2025\/10\/resi9-xp-disjoncteur-modulaire-1pn-16a-courbe-c-peignable-r9pfc616.jpg\" alt=\"disjoncteur\nmat\u00e9riel \u00e9lectrique\nmateriel electrique\nmateriels electriques\nmat\u00e9riels \u00e9lectriques\" class=\"wp-image-738\" srcset=\"https:\/\/www.la-maison-electrique.com\/blog\/wp-content\/uploads\/2025\/10\/resi9-xp-disjoncteur-modulaire-1pn-16a-courbe-c-peignable-r9pfc616.jpg 800w, https:\/\/www.la-maison-electrique.com\/blog\/wp-content\/uploads\/2025\/10\/resi9-xp-disjoncteur-modulaire-1pn-16a-courbe-c-peignable-r9pfc616-300x300.jpg 300w, https:\/\/www.la-maison-electrique.com\/blog\/wp-content\/uploads\/2025\/10\/resi9-xp-disjoncteur-modulaire-1pn-16a-courbe-c-peignable-r9pfc616-150x150.jpg 150w, https:\/\/www.la-maison-electrique.com\/blog\/wp-content\/uploads\/2025\/10\/resi9-xp-disjoncteur-modulaire-1pn-16a-courbe-c-peignable-r9pfc616-768x768.jpg 768w, https:\/\/www.la-maison-electrique.com\/blog\/wp-content\/uploads\/2025\/10\/resi9-xp-disjoncteur-modulaire-1pn-16a-courbe-c-peignable-r9pfc616-600x600.jpg 600w\" sizes=\"auto, (max-width: 800px) 100vw, 800px\" \/><\/figure>\n<\/div>\n\n\n\n<div class=\"wp-block-column is-vertically-aligned-bottom is-layout-flow wp-block-column-is-layout-flow\" style=\"flex-basis:50%\">\n<p>Les <strong>disjoncteurs<\/strong> prot\u00e8gent chaque circuit contre les <strong>surcharges<\/strong> et les <strong>courts-circuits<\/strong>.<br><br>Chaque ligne de votre installation (prises, \u00e9clairage, chauffe-eau\u2026) doit \u00eatre associ\u00e9e \u00e0 un disjoncteur adapt\u00e9 \u00e0 la puissance et \u00e0 la section du c\u00e2ble.<br>Un bon calibrage garantit une <strong>s\u00e9curit\u00e9 optimale<\/strong> et pr\u00e9vient les risques d\u2019incendie.<\/p>\n<\/div>\n\n\n\n<div class=\"wp-block-column is-vertically-aligned-bottom is-layout-flow wp-block-column-is-layout-flow\" style=\"flex-basis:25%\">\n<figure class=\"wp-block-image size-full\"><img loading=\"lazy\" decoding=\"async\" width=\"533\" height=\"533\" src=\"https:\/\/www.la-maison-electrique.com\/blog\/wp-content\/uploads\/2025\/10\/disjoncteur-1pn-3ka-c-20a-mfn720-edited.jpg\" alt=\"disjoncteur\" class=\"wp-image-739\" srcset=\"https:\/\/www.la-maison-electrique.com\/blog\/wp-content\/uploads\/2025\/10\/disjoncteur-1pn-3ka-c-20a-mfn720-edited.jpg 533w, https:\/\/www.la-maison-electrique.com\/blog\/wp-content\/uploads\/2025\/10\/disjoncteur-1pn-3ka-c-20a-mfn720-edited-300x300.jpg 300w, https:\/\/www.la-maison-electrique.com\/blog\/wp-content\/uploads\/2025\/10\/disjoncteur-1pn-3ka-c-20a-mfn720-edited-150x150.jpg 150w\" sizes=\"auto, (max-width: 533px) 100vw, 533px\" \/><\/figure>\n<\/div>\n<\/div>\n\n\n\n<hr class=\"wp-block-separator has-text-color has-white-color has-alpha-channel-opacity has-white-background-color has-background\"\/>\n\n\n\n<div class=\"wp-block-buttons is-content-justification-center is-layout-flex wp-container-core-buttons-is-layout-16018d1d wp-block-buttons-is-layout-flex\">\n<div class=\"wp-block-button has-custom-width wp-block-button__width-100 is-style-fill\"><a class=\"wp-block-button__link has-text-color has-background has-link-color has-text-align-center wp-element-button\" href=\"https:\/\/www.la-maison-electrique.com\/disjoncteurs-964\" style=\"color:#d6d934;background-color:#0d5669\"><strong>NOTRE S\u00c9LECTION DE DISJONCTEURS<\/strong><\/a><\/div>\n<\/div>\n\n\n\n<hr class=\"wp-block-separator has-alpha-channel-opacity is-style-wide\"\/>\n\n\n\n<h3 class=\"wp-block-heading\">Interrupteurs Diff\u00e9rentiels<\/h3>\n\n\n\n<div class=\"wp-block-columns are-vertically-aligned-center is-layout-flex wp-container-core-columns-is-layout-9d6595d7 wp-block-columns-is-layout-flex\">\n<div class=\"wp-block-column is-vertically-aligned-center is-layout-flow wp-block-column-is-layout-flow\" style=\"flex-basis:66.66%\">\n<div class=\"wp-block-group is-vertical is-content-justification-center is-layout-flex wp-container-core-group-is-layout-73a99bce wp-block-group-is-layout-flex\">\n<p>Les <strong>interrupteurs diff\u00e9rentiels<\/strong> prot\u00e8gent les <strong>personnes<\/strong> contre les <strong>fuites de courant<\/strong>.<\/p>\n\n\n\n<p><br>Install\u00e9s en t\u00eate de rang\u00e9e dans le tableau \u00e9lectrique, ils d\u00e9tectent instantan\u00e9ment toute anomalie et coupent le circuit concern\u00e9.<br>Leur choix d\u00e9pend du type de courant (AC, A, F\u2026) et des appareils \u00e0 prot\u00e9ger.<\/p>\n<\/div>\n<\/div>\n\n\n\n<div class=\"wp-block-column is-vertically-aligned-center is-layout-flow wp-block-column-is-layout-flow\" style=\"flex-basis:33.33%\">\n<figure class=\"wp-block-image size-full\"><img loading=\"lazy\" decoding=\"async\" width=\"800\" height=\"800\" src=\"https:\/\/www.la-maison-electrique.com\/blog\/wp-content\/uploads\/2025\/10\/resi9-xe-interrupteur-differentiel-2p-40a-30ma-type-a-embrochable-1.jpg\" alt=\"interrupteur diff\u00e9rentiel\nmat\u00e9riel \u00e9lectrique\nmateriel electrique\nmateriels electriques\nmat\u00e9riels \u00e9lectriques\" class=\"wp-image-741\" srcset=\"https:\/\/www.la-maison-electrique.com\/blog\/wp-content\/uploads\/2025\/10\/resi9-xe-interrupteur-differentiel-2p-40a-30ma-type-a-embrochable-1.jpg 800w, https:\/\/www.la-maison-electrique.com\/blog\/wp-content\/uploads\/2025\/10\/resi9-xe-interrupteur-differentiel-2p-40a-30ma-type-a-embrochable-1-300x300.jpg 300w, https:\/\/www.la-maison-electrique.com\/blog\/wp-content\/uploads\/2025\/10\/resi9-xe-interrupteur-differentiel-2p-40a-30ma-type-a-embrochable-1-150x150.jpg 150w, https:\/\/www.la-maison-electrique.com\/blog\/wp-content\/uploads\/2025\/10\/resi9-xe-interrupteur-differentiel-2p-40a-30ma-type-a-embrochable-1-768x768.jpg 768w, https:\/\/www.la-maison-electrique.com\/blog\/wp-content\/uploads\/2025\/10\/resi9-xe-interrupteur-differentiel-2p-40a-30ma-type-a-embrochable-1-600x600.jpg 600w\" sizes=\"auto, (max-width: 800px) 100vw, 800px\" \/><\/figure>\n<\/div>\n<\/div>\n\n\n\n<div class=\"wp-block-buttons is-layout-flex wp-block-buttons-is-layout-flex\">\n<div class=\"wp-block-button has-custom-width wp-block-button__width-100\"><a class=\"wp-block-button__link has-text-color has-background has-link-color wp-element-button\" href=\"https:\/\/www.la-maison-electrique.com\/interrupteurs-differentiels-963\" style=\"color:#d6d934;background-color:#0d5669\"><strong>NOTRE S\u00c9LECTION D&rsquo;INTERRUPTEURS DIFF\u00c9RENTIELS<\/strong><\/a><\/div>\n<\/div>\n\n\n\n<hr class=\"wp-block-separator has-alpha-channel-opacity is-style-wide\"\/>\n\n\n\n<h3 class=\"wp-block-heading\">Appareillage Mural<\/h3>\n\n\n\n<div class=\"wp-block-columns is-layout-flex wp-container-core-columns-is-layout-9d6595d7 wp-block-columns-is-layout-flex\">\n<div class=\"wp-block-column is-layout-flow wp-block-column-is-layout-flow\">\n<figure class=\"wp-block-image size-full is-resized\"><img loading=\"lazy\" decoding=\"async\" width=\"800\" height=\"800\" src=\"https:\/\/www.la-maison-electrique.com\/blog\/wp-content\/uploads\/2025\/10\/art-d-arnould-univers-memoire-double-va-et-vient-ou-interrupteur-a-levier-cristal-67002.jpg\" alt=\"appareillage mural interrupteur\nmat\u00e9riel \u00e9lectrique\nmateriel electrique\nmateriels electriques\nmat\u00e9riels \u00e9lectriques\" class=\"wp-image-752\" style=\"width:291px;height:auto\" srcset=\"https:\/\/www.la-maison-electrique.com\/blog\/wp-content\/uploads\/2025\/10\/art-d-arnould-univers-memoire-double-va-et-vient-ou-interrupteur-a-levier-cristal-67002.jpg 800w, https:\/\/www.la-maison-electrique.com\/blog\/wp-content\/uploads\/2025\/10\/art-d-arnould-univers-memoire-double-va-et-vient-ou-interrupteur-a-levier-cristal-67002-300x300.jpg 300w, https:\/\/www.la-maison-electrique.com\/blog\/wp-content\/uploads\/2025\/10\/art-d-arnould-univers-memoire-double-va-et-vient-ou-interrupteur-a-levier-cristal-67002-150x150.jpg 150w, https:\/\/www.la-maison-electrique.com\/blog\/wp-content\/uploads\/2025\/10\/art-d-arnould-univers-memoire-double-va-et-vient-ou-interrupteur-a-levier-cristal-67002-768x768.jpg 768w, https:\/\/www.la-maison-electrique.com\/blog\/wp-content\/uploads\/2025\/10\/art-d-arnould-univers-memoire-double-va-et-vient-ou-interrupteur-a-levier-cristal-67002-600x600.jpg 600w\" sizes=\"auto, (max-width: 800px) 100vw, 800px\" \/><\/figure>\n<\/div>\n\n\n\n<div class=\"wp-block-column is-vertically-aligned-center is-layout-flow wp-block-column-is-layout-flow\">\n<p>L\u2019<strong>appareillage mural<\/strong> regroupe les <strong>prises, interrupteurs et plaques de finition<\/strong>.<br><br>Il assure la connexion entre l\u2019utilisateur et le circuit \u00e9lectrique.<br><br>Alliant <strong>design et performance<\/strong>, il existe aujourd\u2019hui des mod\u00e8les classiques, \u00e9tanches, modulaires ou <strong>connect\u00e9s<\/strong> pour piloter votre installation domotique.<\/p>\n<\/div>\n<\/div>\n\n\n\n<div class=\"wp-block-buttons is-layout-flex wp-block-buttons-is-layout-flex\">\n<div class=\"wp-block-button has-custom-width wp-block-button__width-100\"><a class=\"wp-block-button__link has-text-color has-background has-link-color wp-element-button\" href=\"https:\/\/www.la-maison-electrique.com\/appareillage-mural-29\" style=\"color:#d6d934;background-color:#0d5669\"><strong>NOS DIFF\u00c9RENTS APPAREILLAGES MURAUX<\/strong><\/a><\/div>\n<\/div>\n\n\n\n<hr class=\"wp-block-separator has-alpha-channel-opacity is-style-wide\"\/>\n\n\n\n<h3 class=\"wp-block-heading\">C\u00e2bles<\/h3>\n\n\n\n<div class=\"wp-block-columns is-layout-flex wp-container-core-columns-is-layout-9d6595d7 wp-block-columns-is-layout-flex\">\n<div class=\"wp-block-column is-vertically-aligned-center is-layout-flow wp-block-column-is-layout-flow\">\n<p>Les <strong>c\u00e2bles \u00e9lectriques<\/strong> assurent la <strong>circulation du courant<\/strong> entre les diff\u00e9rents \u00e9quipements.<\/p>\n\n\n\n<p><br>Leur section, leur isolation et leur usage (int\u00e9rieur, ext\u00e9rieur, encastr\u00e9\u2026) doivent \u00eatre choisis avec soin selon la puissance et la distance du circuit.<\/p>\n\n\n\n<p><br>Un c\u00e2blage conforme aux <strong>normes \u00e9lectriques<\/strong> est la base d\u2019une installation durable et s\u00e9curis\u00e9e.<\/p>\n<\/div>\n\n\n\n<div class=\"wp-block-column is-layout-flow wp-block-column-is-layout-flow\">\n<figure class=\"wp-block-image size-large is-style-default\"><img loading=\"lazy\" decoding=\"async\" width=\"1024\" height=\"683\" src=\"https:\/\/www.la-maison-electrique.com\/blog\/wp-content\/uploads\/2025\/10\/gros-plan-des-cables-electriques-1024x683.jpg\" alt=\"c\u00e2ble \ncable \n\" class=\"wp-image-728\" srcset=\"https:\/\/www.la-maison-electrique.com\/blog\/wp-content\/uploads\/2025\/10\/gros-plan-des-cables-electriques-1024x683.jpg 1024w, https:\/\/www.la-maison-electrique.com\/blog\/wp-content\/uploads\/2025\/10\/gros-plan-des-cables-electriques-300x200.jpg 300w, https:\/\/www.la-maison-electrique.com\/blog\/wp-content\/uploads\/2025\/10\/gros-plan-des-cables-electriques-768x512.jpg 768w, https:\/\/www.la-maison-electrique.com\/blog\/wp-content\/uploads\/2025\/10\/gros-plan-des-cables-electriques-1536x1024.jpg 1536w, https:\/\/www.la-maison-electrique.com\/blog\/wp-content\/uploads\/2025\/10\/gros-plan-des-cables-electriques-2048x1365.jpg 2048w\" sizes=\"auto, (max-width: 1024px) 100vw, 1024px\" \/><\/figure>\n<\/div>\n<\/div>\n\n\n\n<hr class=\"wp-block-separator has-text-color has-white-color has-alpha-channel-opacity has-white-background-color has-background\"\/>\n\n\n\n<div class=\"wp-block-buttons is-layout-flex wp-block-buttons-is-layout-flex\">\n<div class=\"wp-block-button has-custom-width wp-block-button__width-100\"><a class=\"wp-block-button__link has-text-color has-background has-link-color has-text-align-center wp-element-button\" href=\"http:\/\/la-maison-electrique.com\/cables-et-cheminement-53\" style=\"color:#d6d934;background-color:#0d5669\"><strong>NOTRE S\u00c9LECTION DE C\u00c2BLES \u00c9LECTRIQUES<\/strong><\/a><\/div>\n<\/div>\n\n\n\n<hr class=\"wp-block-separator has-alpha-channel-opacity is-style-wide\"\/>\n\n\n\n<h2 class=\"wp-block-heading\"><strong>Le mat\u00e9riel \u00e9lectrique et la domotique<\/strong><\/h2>\n\n\n\n<h3 class=\"wp-block-heading\">Les bases de la maison connect\u00e9e<\/h3>\n\n\n\n<p>Avant de se lancer, il est essentiel de choisir une solution adapt\u00e9e \u00e0 son installation \u00e9lectrique. La domotique s\u2019int\u00e8gre aujourd\u2019hui facilement dans les appareillages du quotidien : interrupteurs, prises, volets roulants, chauffage, \u00e9clairage\u2026<\/p>\n\n\n\n<h3 class=\"wp-block-heading\">Les solutions incontournables<\/h3>\n\n\n\n<div class=\"wp-block-columns is-layout-flex wp-container-core-columns-is-layout-9d6595d7 wp-block-columns-is-layout-flex\">\n<div class=\"wp-block-column is-layout-flow wp-block-column-is-layout-flow\">\n<figure class=\"wp-block-image size-full\"><img loading=\"lazy\" decoding=\"async\" width=\"800\" height=\"800\" src=\"https:\/\/www.la-maison-electrique.com\/blog\/wp-content\/uploads\/2025\/10\/wiser-passerelle-wifi-zigbee-pour-les-appareils-du-systeme-wiser-generation-2-cct501801.jpg\" alt=\"\" class=\"wp-image-765\" srcset=\"https:\/\/www.la-maison-electrique.com\/blog\/wp-content\/uploads\/2025\/10\/wiser-passerelle-wifi-zigbee-pour-les-appareils-du-systeme-wiser-generation-2-cct501801.jpg 800w, https:\/\/www.la-maison-electrique.com\/blog\/wp-content\/uploads\/2025\/10\/wiser-passerelle-wifi-zigbee-pour-les-appareils-du-systeme-wiser-generation-2-cct501801-300x300.jpg 300w, https:\/\/www.la-maison-electrique.com\/blog\/wp-content\/uploads\/2025\/10\/wiser-passerelle-wifi-zigbee-pour-les-appareils-du-systeme-wiser-generation-2-cct501801-150x150.jpg 150w, https:\/\/www.la-maison-electrique.com\/blog\/wp-content\/uploads\/2025\/10\/wiser-passerelle-wifi-zigbee-pour-les-appareils-du-systeme-wiser-generation-2-cct501801-768x768.jpg 768w, https:\/\/www.la-maison-electrique.com\/blog\/wp-content\/uploads\/2025\/10\/wiser-passerelle-wifi-zigbee-pour-les-appareils-du-systeme-wiser-generation-2-cct501801-600x600.jpg 600w\" sizes=\"auto, (max-width: 800px) 100vw, 800px\" \/><\/figure>\n<\/div>\n\n\n\n<div class=\"wp-block-column is-layout-flow wp-block-column-is-layout-flow\">\n<figure class=\"wp-block-image size-full\"><img loading=\"lazy\" decoding=\"async\" width=\"320\" height=\"320\" src=\"https:\/\/www.la-maison-electrique.com\/blog\/wp-content\/uploads\/2025\/10\/programmateur-sans-fil-fil-pilote-2401244-edited.jpg\" alt=\"\" class=\"wp-image-769\" srcset=\"https:\/\/www.la-maison-electrique.com\/blog\/wp-content\/uploads\/2025\/10\/programmateur-sans-fil-fil-pilote-2401244-edited.jpg 320w, https:\/\/www.la-maison-electrique.com\/blog\/wp-content\/uploads\/2025\/10\/programmateur-sans-fil-fil-pilote-2401244-edited-300x300.jpg 300w, https:\/\/www.la-maison-electrique.com\/blog\/wp-content\/uploads\/2025\/10\/programmateur-sans-fil-fil-pilote-2401244-edited-150x150.jpg 150w\" sizes=\"auto, (max-width: 320px) 100vw, 320px\" \/><\/figure>\n<\/div>\n\n\n\n<div class=\"wp-block-column is-layout-flow wp-block-column-is-layout-flow\">\n<figure class=\"wp-block-image size-full\"><img loading=\"lazy\" decoding=\"async\" width=\"800\" height=\"800\" src=\"https:\/\/www.la-maison-electrique.com\/blog\/wp-content\/uploads\/2025\/10\/knx-m-plan-commande-multifonction-4-bp-anthracite-mtn627614.jpg\" alt=\"\" class=\"wp-image-766\" srcset=\"https:\/\/www.la-maison-electrique.com\/blog\/wp-content\/uploads\/2025\/10\/knx-m-plan-commande-multifonction-4-bp-anthracite-mtn627614.jpg 800w, https:\/\/www.la-maison-electrique.com\/blog\/wp-content\/uploads\/2025\/10\/knx-m-plan-commande-multifonction-4-bp-anthracite-mtn627614-300x300.jpg 300w, https:\/\/www.la-maison-electrique.com\/blog\/wp-content\/uploads\/2025\/10\/knx-m-plan-commande-multifonction-4-bp-anthracite-mtn627614-150x150.jpg 150w, https:\/\/www.la-maison-electrique.com\/blog\/wp-content\/uploads\/2025\/10\/knx-m-plan-commande-multifonction-4-bp-anthracite-mtn627614-768x768.jpg 768w, https:\/\/www.la-maison-electrique.com\/blog\/wp-content\/uploads\/2025\/10\/knx-m-plan-commande-multifonction-4-bp-anthracite-mtn627614-600x600.jpg 600w\" sizes=\"auto, (max-width: 800px) 100vw, 800px\" \/><\/figure>\n<\/div>\n<\/div>\n\n\n\n<ul class=\"wp-block-list\">\n<li><strong>Wiser (Schneider Electric)<\/strong> : une solution simple et accessible pour le r\u00e9sidentiel, pilotable depuis une application ou par la voix. Elle permet de connecter progressivement l\u2019\u00e9clairage, le chauffage et les volets.<br><\/li>\n\n\n\n<li><strong>Somfy<\/strong> : sp\u00e9cialiste des motorisations et des ouvertures connect\u00e9es, Somfy propose des technologies fiables (RTS, IO-Homecontrol) compatibles avec de nombreux syst\u00e8mes domotiques.<br><\/li>\n\n\n\n<li><strong>KNX<\/strong> : un syst\u00e8me domotique filaire professionnel, id\u00e9al pour les constructions neuves ou les projets complets. Il offre une communication fiable et centralis\u00e9e entre tous les \u00e9quipements de la maison.<\/li>\n<\/ul>\n\n\n\n<div class=\"wp-block-buttons is-layout-flex wp-block-buttons-is-layout-flex\">\n<div class=\"wp-block-button has-custom-width wp-block-button__width-100\"><a class=\"wp-block-button__link has-text-color has-background has-link-color wp-element-button\" href=\"https:\/\/www.la-maison-electrique.com\/domotique-et-securite-19\" style=\"color:#d6d934;background-color:#0d5669\"><strong>NOTRE S\u00c9LECTION DE MAT\u00c9RIEL \u00c9LECTRIQUE DOMOTIQUE<\/strong><\/a><\/div>\n<\/div>\n\n\n\n<hr class=\"wp-block-separator has-alpha-channel-opacity is-style-wide\"\/>\n\n\n\n<h2 class=\"wp-block-heading\"><strong>Bien choisir son mat\u00e9riel \u00e9lectrique : s\u00e9curit\u00e9 et qualit\u00e9 avant tout<\/strong> !<\/h2>\n\n\n\n<h3 class=\"wp-block-heading\">Respecter les normes <\/h3>\n\n\n\n<p>Avant tout, votre mat\u00e9riel \u00e9lectrique doit <strong>respecter les normes en vigueur<\/strong> afin de garantir la s\u00e9curit\u00e9 de votre installation.<br>La <strong>norme <a href=\"https:\/\/particuliers.engie.fr\/electricite\/conseils-electricite\/conseils-installation-electrique\/comprendre-norme-nfc-15-100-norme-C15-100.html\" target=\"_blank\" rel=\"noreferrer noopener\">NF C 15-100<\/a><\/strong> est la r\u00e9f\u00e9rence pour toutes les installations \u00e9lectriques domestiques en France. <br>Elle d\u00e9finit les exigences de s\u00e9curit\u00e9, de performance et de confort.<br><br>Privil\u00e9giez \u00e9galement les produits certifi\u00e9s <a href=\"https:\/\/home.nexans.fr\/les-marquage-ce-et-nf\" target=\"_blank\" rel=\"noreferrer noopener\"><strong>NF<\/strong> ou <strong>CE<\/strong><\/a>, gage de conformit\u00e9 et de fiabilit\u00e9.<\/p>\n\n\n\n<h3 class=\"wp-block-heading\">Bien dimensionner son installation \u00e9lectrique<\/h3>\n\n\n\n<p>Le <strong>dimensionnement du mat\u00e9riel \u00e9lectrique<\/strong> est une \u00e9tape cl\u00e9 pour assurer la s\u00e9curit\u00e9 et la performance de votre r\u00e9seau.<br>Il ne concerne pas uniquement le <strong>tableau \u00e9lectrique<\/strong>, mais aussi <strong>l\u2019ensemble des composants<\/strong> de l\u2019installation :<\/p>\n\n\n\n<ul class=\"wp-block-list\">\n<li><strong>c\u00e2bles et conducteurs<\/strong> (section adapt\u00e9e \u00e0 la puissance et \u00e0 la longueur du circuit),<\/li>\n\n\n\n<li><strong>disjoncteurs<\/strong> et <strong>interrupteurs diff\u00e9rentiels<\/strong> (calibr\u00e9s selon l\u2019intensit\u00e9 des appareils raccord\u00e9s),<\/li>\n\n\n\n<li><strong>prises<\/strong> et <strong>points lumineux<\/strong> (choisis selon leur usage et leur intensit\u00e9 admissible).<\/li>\n<\/ul>\n\n\n\n<p>Un bon dimensionnement permet d\u2019\u00e9viter les surcharges, d\u2019optimiser la consommation \u00e9nerg\u00e9tique et de garantir la durabilit\u00e9 du mat\u00e9riel.<\/p>\n\n\n\n<h3 class=\"wp-block-heading\">Choisir la marque adapt\u00e9e \u00e0 vos besoins<\/h3>\n\n\n\n<p>Enfin, le choix de la <strong>marque de votre mat\u00e9riel \u00e9lectrique<\/strong> d\u00e9pendra de vos priorit\u00e9s : design, innovation, fiabilit\u00e9 ou rapport qualit\u00e9\/prix.<br>Des fabricants reconnus comme <strong>Legrand<\/strong>, <strong>Schneider<\/strong>, <strong>Hager<\/strong> ou <strong>Eur&rsquo;Ohm<\/strong> proposent des gammes compl\u00e8tes pour tous les budgets et besoins, de l\u2019appareillage mural au tableau \u00e9lectrique.<br><br>Retrouvez ici tous nos guides d&rsquo;achats par cat\u00e9gorie :<\/p>\n\n\n\n<ul class=\"wp-block-list\">\n<li><strong><a href=\"https:\/\/www.la-maison-electrique.com\/blog\/2025\/10\/01\/tableau-electrique\/\" target=\"_blank\" rel=\"noreferrer noopener\">Tableaux \u00c9lectriques : guide complet 2025<\/a><\/strong><\/li>\n<\/ul>\n\n\n\n<p><\/p>\n","protected":false},"excerpt":{"rendered":"<p>Qu\u2019est-ce que le mat\u00e9riel \u00e9lectrique ? Le mat\u00e9riel \u00e9lectrique regroupe l\u2019ensemble des composants n\u00e9cessaires \u00e0 la distribution, la protection et l\u2019utilisation du courant \u00e9lectrique dans une installation domestique, tertiaire ou industrielle.Choisir du mat\u00e9riel conforme aux normes NF C 15-100 est essentiel pour garantir la s\u00e9curit\u00e9 des personnes, la fiabilit\u00e9 des circuits et la durabilit\u00e9 des [&hellip;]<\/p>\n","protected":false},"author":4,"featured_media":0,"parent":0,"menu_order":0,"comment_status":"closed","ping_status":"closed","template":"","meta":{"footnotes":""},"class_list":["post-776","page","type-page","status-publish","hentry","entry"],"yoast_head":"<!-- This site is optimized with the Yoast SEO plugin v23.9 - https:\/\/yoast.com\/wordpress\/plugins\/seo\/ -->\n<title>Mat\u00e9riel \u00e9lectrique : le guide complet pour choisir vos \u00e9quipements - Blog LME<\/title>\n<meta name=\"description\" content=\"D\u00e9couvrez tout le mat\u00e9riel \u00e9lectrique essentiel pour vos installations : tableaux, disjoncteurs, appareillage mural et bien d&#039;autres !\" \/>\n<meta name=\"robots\" content=\"index, follow, max-snippet:-1, max-image-preview:large, max-video-preview:-1\" \/>\n<link rel=\"canonical\" href=\"https:\/\/www.la-maison-electrique.com\/blog\/materiel-electrique-le-guide-complet\/\" \/>\n<meta property=\"og:locale\" content=\"fr_FR\" \/>\n<meta property=\"og:type\" content=\"article\" \/>\n<meta property=\"og:title\" content=\"Mat\u00e9riel \u00e9lectrique : le guide complet pour choisir vos \u00e9quipements - Blog LME\" \/>\n<meta property=\"og:description\" content=\"D\u00e9couvrez tout le mat\u00e9riel \u00e9lectrique essentiel pour vos installations : tableaux, disjoncteurs, appareillage mural et bien d&#039;autres !\" \/>\n<meta property=\"og:url\" content=\"https:\/\/www.la-maison-electrique.com\/blog\/materiel-electrique-le-guide-complet\/\" \/>\n<meta property=\"og:site_name\" content=\"Blog LME\" \/>\n<meta property=\"article:modified_time\" content=\"2026-01-07T08:17:12+00:00\" \/>\n<meta property=\"og:image\" content=\"https:\/\/www.la-maison-electrique.com\/blog\/wp-content\/uploads\/2025\/10\/coffret-rx-13m-4r-monte-cable-evolutif-t4t5-19441-1.jpg\" \/>\n\t<meta property=\"og:image:width\" content=\"800\" \/>\n\t<meta property=\"og:image:height\" content=\"800\" \/>\n\t<meta property=\"og:image:type\" content=\"image\/jpeg\" \/>\n<meta name=\"twitter:card\" content=\"summary_large_image\" \/>\n<meta name=\"twitter:label1\" content=\"Dur\u00e9e de lecture estim\u00e9e\" \/>\n\t<meta name=\"twitter:data1\" content=\"6 minutes\" \/>\n<script type=\"application\/ld+json\" class=\"yoast-schema-graph\">{\"@context\":\"https:\/\/schema.org\",\"@graph\":[{\"@type\":\"WebPage\",\"@id\":\"https:\/\/www.la-maison-electrique.com\/blog\/materiel-electrique-le-guide-complet\/\",\"url\":\"https:\/\/www.la-maison-electrique.com\/blog\/materiel-electrique-le-guide-complet\/\",\"name\":\"Mat\u00e9riel \u00e9lectrique : le guide complet pour choisir vos \u00e9quipements - Blog LME\",\"isPartOf\":{\"@id\":\"https:\/\/www.la-maison-electrique.com\/blog\/#website\"},\"primaryImageOfPage\":{\"@id\":\"https:\/\/www.la-maison-electrique.com\/blog\/materiel-electrique-le-guide-complet\/#primaryimage\"},\"image\":{\"@id\":\"https:\/\/www.la-maison-electrique.com\/blog\/materiel-electrique-le-guide-complet\/#primaryimage\"},\"thumbnailUrl\":\"https:\/\/www.la-maison-electrique.com\/blog\/wp-content\/uploads\/2025\/10\/coffret-rx-13m-4r-monte-cable-evolutif-t4t5-19441-1.jpg\",\"datePublished\":\"2025-10-09T09:47:54+00:00\",\"dateModified\":\"2026-01-07T08:17:12+00:00\",\"description\":\"D\u00e9couvrez tout le mat\u00e9riel \u00e9lectrique essentiel pour vos installations : tableaux, disjoncteurs, appareillage mural et bien d'autres !\",\"breadcrumb\":{\"@id\":\"https:\/\/www.la-maison-electrique.com\/blog\/materiel-electrique-le-guide-complet\/#breadcrumb\"},\"inLanguage\":\"fr-FR\",\"potentialAction\":[{\"@type\":\"ReadAction\",\"target\":[\"https:\/\/www.la-maison-electrique.com\/blog\/materiel-electrique-le-guide-complet\/\"]}]},{\"@type\":\"ImageObject\",\"inLanguage\":\"fr-FR\",\"@id\":\"https:\/\/www.la-maison-electrique.com\/blog\/materiel-electrique-le-guide-complet\/#primaryimage\",\"url\":\"https:\/\/www.la-maison-electrique.com\/blog\/wp-content\/uploads\/2025\/10\/coffret-rx-13m-4r-monte-cable-evolutif-t4t5-19441-1.jpg\",\"contentUrl\":\"https:\/\/www.la-maison-electrique.com\/blog\/wp-content\/uploads\/2025\/10\/coffret-rx-13m-4r-monte-cable-evolutif-t4t5-19441-1.jpg\",\"width\":800,\"height\":800},{\"@type\":\"BreadcrumbList\",\"@id\":\"https:\/\/www.la-maison-electrique.com\/blog\/materiel-electrique-le-guide-complet\/#breadcrumb\",\"itemListElement\":[{\"@type\":\"ListItem\",\"position\":1,\"name\":\"LME\",\"item\":\"https:\/\/www.la-maison-electrique.com\/blog\/\"},{\"@type\":\"ListItem\",\"position\":2,\"name\":\"Mat\u00e9riel \u00e9lectrique : le guide complet pour choisir vos \u00e9quipements\"}]},{\"@type\":\"WebSite\",\"@id\":\"https:\/\/www.la-maison-electrique.com\/blog\/#website\",\"url\":\"https:\/\/www.la-maison-electrique.com\/blog\/\",\"name\":\"Blog LME\",\"description\":\"Le mat\u00e9riel \u00e9lectrique de qualit\u00e9 professionnelle pour tous, \u00e0 prix grossiste\",\"publisher\":{\"@id\":\"https:\/\/www.la-maison-electrique.com\/blog\/#organization\"},\"potentialAction\":[{\"@type\":\"SearchAction\",\"target\":{\"@type\":\"EntryPoint\",\"urlTemplate\":\"https:\/\/www.la-maison-electrique.com\/blog\/?s={search_term_string}\"},\"query-input\":{\"@type\":\"PropertyValueSpecification\",\"valueRequired\":true,\"valueName\":\"search_term_string\"}}],\"inLanguage\":\"fr-FR\"},{\"@type\":\"Organization\",\"@id\":\"https:\/\/www.la-maison-electrique.com\/blog\/#organization\",\"name\":\"Blog LME\",\"url\":\"https:\/\/www.la-maison-electrique.com\/blog\/\",\"logo\":{\"@type\":\"ImageObject\",\"inLanguage\":\"fr-FR\",\"@id\":\"https:\/\/www.la-maison-electrique.com\/blog\/#\/schema\/logo\/image\/\",\"url\":\"https:\/\/www.la-maison-electrique.com\/blog\/wp-content\/uploads\/2023\/09\/cropped-la-maison-electrique-logo.png\",\"contentUrl\":\"https:\/\/www.la-maison-electrique.com\/blog\/wp-content\/uploads\/2023\/09\/cropped-la-maison-electrique-logo.png\",\"width\":200,\"height\":47,\"caption\":\"Blog LME\"},\"image\":{\"@id\":\"https:\/\/www.la-maison-electrique.com\/blog\/#\/schema\/logo\/image\/\"}}]}<\/script>\n<!-- \/ Yoast SEO plugin. -->","yoast_head_json":{"title":"Mat\u00e9riel \u00e9lectrique : le guide complet pour choisir vos \u00e9quipements - Blog LME","description":"D\u00e9couvrez tout le mat\u00e9riel \u00e9lectrique essentiel pour vos installations : tableaux, disjoncteurs, appareillage mural et bien d'autres !","robots":{"index":"index","follow":"follow","max-snippet":"max-snippet:-1","max-image-preview":"max-image-preview:large","max-video-preview":"max-video-preview:-1"},"canonical":"https:\/\/www.la-maison-electrique.com\/blog\/materiel-electrique-le-guide-complet\/","og_locale":"fr_FR","og_type":"article","og_title":"Mat\u00e9riel \u00e9lectrique : le guide complet pour choisir vos \u00e9quipements - Blog LME","og_description":"D\u00e9couvrez tout le mat\u00e9riel \u00e9lectrique essentiel pour vos installations : tableaux, disjoncteurs, appareillage mural et bien d'autres !","og_url":"https:\/\/www.la-maison-electrique.com\/blog\/materiel-electrique-le-guide-complet\/","og_site_name":"Blog LME","article_modified_time":"2026-01-07T08:17:12+00:00","og_image":[{"width":800,"height":800,"url":"https:\/\/www.la-maison-electrique.com\/blog\/wp-content\/uploads\/2025\/10\/coffret-rx-13m-4r-monte-cable-evolutif-t4t5-19441-1.jpg","type":"image\/jpeg"}],"twitter_card":"summary_large_image","twitter_misc":{"Dur\u00e9e de lecture estim\u00e9e":"6 minutes"},"schema":{"@context":"https:\/\/schema.org","@graph":[{"@type":"WebPage","@id":"https:\/\/www.la-maison-electrique.com\/blog\/materiel-electrique-le-guide-complet\/","url":"https:\/\/www.la-maison-electrique.com\/blog\/materiel-electrique-le-guide-complet\/","name":"Mat\u00e9riel \u00e9lectrique : le guide complet pour choisir vos \u00e9quipements - Blog LME","isPartOf":{"@id":"https:\/\/www.la-maison-electrique.com\/blog\/#website"},"primaryImageOfPage":{"@id":"https:\/\/www.la-maison-electrique.com\/blog\/materiel-electrique-le-guide-complet\/#primaryimage"},"image":{"@id":"https:\/\/www.la-maison-electrique.com\/blog\/materiel-electrique-le-guide-complet\/#primaryimage"},"thumbnailUrl":"https:\/\/www.la-maison-electrique.com\/blog\/wp-content\/uploads\/2025\/10\/coffret-rx-13m-4r-monte-cable-evolutif-t4t5-19441-1.jpg","datePublished":"2025-10-09T09:47:54+00:00","dateModified":"2026-01-07T08:17:12+00:00","description":"D\u00e9couvrez tout le mat\u00e9riel \u00e9lectrique essentiel pour vos installations : tableaux, disjoncteurs, appareillage mural et bien d'autres !","breadcrumb":{"@id":"https:\/\/www.la-maison-electrique.com\/blog\/materiel-electrique-le-guide-complet\/#breadcrumb"},"inLanguage":"fr-FR","potentialAction":[{"@type":"ReadAction","target":["https:\/\/www.la-maison-electrique.com\/blog\/materiel-electrique-le-guide-complet\/"]}]},{"@type":"ImageObject","inLanguage":"fr-FR","@id":"https:\/\/www.la-maison-electrique.com\/blog\/materiel-electrique-le-guide-complet\/#primaryimage","url":"https:\/\/www.la-maison-electrique.com\/blog\/wp-content\/uploads\/2025\/10\/coffret-rx-13m-4r-monte-cable-evolutif-t4t5-19441-1.jpg","contentUrl":"https:\/\/www.la-maison-electrique.com\/blog\/wp-content\/uploads\/2025\/10\/coffret-rx-13m-4r-monte-cable-evolutif-t4t5-19441-1.jpg","width":800,"height":800},{"@type":"BreadcrumbList","@id":"https:\/\/www.la-maison-electrique.com\/blog\/materiel-electrique-le-guide-complet\/#breadcrumb","itemListElement":[{"@type":"ListItem","position":1,"name":"LME","item":"https:\/\/www.la-maison-electrique.com\/blog\/"},{"@type":"ListItem","position":2,"name":"Mat\u00e9riel \u00e9lectrique : le guide complet pour choisir vos \u00e9quipements"}]},{"@type":"WebSite","@id":"https:\/\/www.la-maison-electrique.com\/blog\/#website","url":"https:\/\/www.la-maison-electrique.com\/blog\/","name":"Blog LME","description":"Le mat\u00e9riel \u00e9lectrique de qualit\u00e9 professionnelle pour tous, \u00e0 prix grossiste","publisher":{"@id":"https:\/\/www.la-maison-electrique.com\/blog\/#organization"},"potentialAction":[{"@type":"SearchAction","target":{"@type":"EntryPoint","urlTemplate":"https:\/\/www.la-maison-electrique.com\/blog\/?s={search_term_string}"},"query-input":{"@type":"PropertyValueSpecification","valueRequired":true,"valueName":"search_term_string"}}],"inLanguage":"fr-FR"},{"@type":"Organization","@id":"https:\/\/www.la-maison-electrique.com\/blog\/#organization","name":"Blog LME","url":"https:\/\/www.la-maison-electrique.com\/blog\/","logo":{"@type":"ImageObject","inLanguage":"fr-FR","@id":"https:\/\/www.la-maison-electrique.com\/blog\/#\/schema\/logo\/image\/","url":"https:\/\/www.la-maison-electrique.com\/blog\/wp-content\/uploads\/2023\/09\/cropped-la-maison-electrique-logo.png","contentUrl":"https:\/\/www.la-maison-electrique.com\/blog\/wp-content\/uploads\/2023\/09\/cropped-la-maison-electrique-logo.png","width":200,"height":47,"caption":"Blog LME"},"image":{"@id":"https:\/\/www.la-maison-electrique.com\/blog\/#\/schema\/logo\/image\/"}}]}},"_links":{"self":[{"href":"https:\/\/www.la-maison-electrique.com\/blog\/wp-json\/wp\/v2\/pages\/776","targetHints":{"allow":["GET"]}}],"collection":[{"href":"https:\/\/www.la-maison-electrique.com\/blog\/wp-json\/wp\/v2\/pages"}],"about":[{"href":"https:\/\/www.la-maison-electrique.com\/blog\/wp-json\/wp\/v2\/types\/page"}],"author":[{"embeddable":true,"href":"https:\/\/www.la-maison-electrique.com\/blog\/wp-json\/wp\/v2\/users\/4"}],"replies":[{"embeddable":true,"href":"https:\/\/www.la-maison-electrique.com\/blog\/wp-json\/wp\/v2\/comments?post=776"}],"version-history":[{"count":1,"href":"https:\/\/www.la-maison-electrique.com\/blog\/wp-json\/wp\/v2\/pages\/776\/revisions"}],"predecessor-version":[{"id":777,"href":"https:\/\/www.la-maison-electrique.com\/blog\/wp-json\/wp\/v2\/pages\/776\/revisions\/777"}],"wp:attachment":[{"href":"https:\/\/www.la-maison-electrique.com\/blog\/wp-json\/wp\/v2\/media?parent=776"}],"curies":[{"name":"wp","href":"https:\/\/api.w.org\/{rel}","templated":true}]}}