{"id":780,"date":"2025-10-09T14:45:05","date_gmt":"2025-10-09T12:45:05","guid":{"rendered":"https:\/\/www.la-maison-electrique.com\/blog\/?page_id=780"},"modified":"2026-02-11T08:37:09","modified_gmt":"2026-02-11T07:37:09","slug":"la-maison-electrique-blog","status":"publish","type":"page","link":"https:\/\/www.la-maison-electrique.com\/blog\/","title":{"rendered":"La Maison \u00c9lectrique &#8211; le mat\u00e9riel \u00e9lectrique abordable"},"content":{"rendered":"\n<p>D\u00e9couvrez <a href=\"http:\/\/www.la-maison-electrique.com\"><strong>La Maison \u00c9lectrique<\/strong>,<\/a> le site de r\u00e9f\u00e9rence pour tout votre mat\u00e9riel \u00e9lectrique d\u00e9di\u00e9 \u00e0 la r\u00e9novation, l\u2019installation et la domotique.<\/p>\n\n\n\n<p>Retrouvez l\u2019offre la plus compl\u00e8te du web : des milliers de r\u00e9f\u00e9rences parmi les plus grandes marques, des produits r\u00e9serv\u00e9s aux professionnels, et surtout des prix imbattables toute l\u2019ann\u00e9e.<\/p>\n\n\n\n<h2 class=\"wp-block-heading\">Le mat\u00e9riel \u00e9lectrique au c\u0153ur de vos projets :<\/h2>\n\n\n\n<p>Sur notre boutique, vous retrouvez l\u2019une des offres les plus compl\u00e8tes du web en mat\u00e9riel \u00e9lectrique : des milliers de r\u00e9f\u00e9rences, des produits r\u00e9serv\u00e9s aux professionnels et des prix comp\u00e9titifs toute l\u2019ann\u00e9e. <br><br>Que vous soyez particulier, artisan ou installateur, vous acc\u00e9dez \u00e0 une s\u00e9lection de mat\u00e9riel adapt\u00e9e \u00e0 chaque projet \u00e9lectrique.<\/p>\n\n\n\n<div class=\"wp-block-buttons is-layout-flex wp-block-buttons-is-layout-flex\">\n<div class=\"wp-block-button has-custom-width wp-block-button__width-100 is-style-fill\"><a class=\"wp-block-button__link has-text-color has-background has-link-color wp-element-button\" href=\"https:\/\/www.la-maison-electrique.com\/blog\/materiel-electrique-le-guide-complet\/\" style=\"border-top-left-radius:100px;border-top-right-radius:100px;border-bottom-left-radius:100px;border-bottom-right-radius:100px;color:#b8cd2c;background-color:#0d5669\"><strong>CHOISIR SON MAT\u00c9RIEL \u00c9LECTRIQUE<\/strong><\/a><\/div>\n<\/div>\n\n\n\n<hr class=\"wp-block-separator has-alpha-channel-opacity is-style-wide\"\/>\n\n\n\n<div class=\"landing-page-780\">\n            <div class=\"title\">NOS DOMAINES D&rsquo;EXPERTISE<\/div>\n            <div class=\"grid\">\n                <a href=\"https:\/\/www.la-maison-electrique.com\/blog\/category\/tableaux-electriques\/\" class=\"card\" data-link=\"tableaux\">\n                    <span class=\"icon\">\u26a1<\/span>\n                    <h2>TABLEAUX \u00c9LECTRIQUES<\/h2>\n                    <p>Installation et maintenance de tableaux \u00e9lectriques aux normes<\/p>\n                <\/a>\n                <a href=\"https:\/\/www.la-maison-electrique.com\/blog\/category\/appareillage-mural\/\" class=\"card\" data-link=\"appareillage\">\n                    <span class=\"icon\">\ud83d\udd0c<\/span>\n                    <h2>APPAREILLAGE MURAL<\/h2>\n                    <p>Prises, interrupteurs et solutions murales design<\/p>\n                <\/a>\n                <a href=\"https:\/\/www.la-maison-electrique.com\/blog\/category\/eclairage\/\" class=\"card\" data-link=\"eclairage\">\n                    <span class=\"icon\">\ud83d\udca1<\/span>\n                    <h2>\u00c9CLAIRAGE<\/h2>\n                    <p>Solutions d&rsquo;\u00e9clairage LED et syst\u00e8mes intelligents<\/p>\n                <\/a>\n                <a href=\"https:\/\/www.la-maison-electrique.com\/blog\/category\/cables-et-cheminement\/\" class=\"card\" data-link=\"cables\">\n                    <span class=\"icon\">\ud83d\udd27<\/span>\n                    <h2>C\u00c2BLES ET CHEMINEMENTS<\/h2>\n                    <p>C\u00e2blage professionnel et gestion optimale des r\u00e9seaux<\/p>\n                <\/a>\n                <a href=\"https:\/\/www.la-maison-electrique.com\/blog\/category\/domotique-et-securite\/\" class=\"card\" data-link=\"domotique\">\n                    <span class=\"icon\">\ud83c\udfe0<\/span>\n                    <h2>DOMOTIQUE ET S\u00c9CURIT\u00c9<\/h2>\n                    <p>Maison connect\u00e9e et syst\u00e8mes de s\u00e9curit\u00e9 avanc\u00e9s<\/p>\n                <\/a>\n                <a href=\"https:\/\/www.la-maison-electrique.com\/blog\/category\/chauffage-et-ventilation\/\" class=\"card\" data-link=\"chauffage\">\n                    <span class=\"icon\">\ud83c\udf21\ufe0f<\/span>\n                    <h2>CHAUFFAGE ET VENTILATION<\/h2>\n                    <p>Solutions thermiques et ventilation contr\u00f4l\u00e9e<\/p>\n                <\/a>\n            <\/div>\n    <\/div>\n\n\n\n<hr class=\"wp-block-separator has-alpha-channel-opacity is-style-wide\"\/>\n\n\n\n<h2 class=\"wp-block-heading\">\u00c0 quoi sert ce blog ?<\/h2>\n\n\n\n<p>Notre blog a pour mission de <strong>rendre l\u2019univers du mat\u00e9riel \u00e9lectrique accessible \u00e0 tous<\/strong>.<br>Nous y partageons des <strong>guides pratiques, des conseils d\u2019experts et des explications claires<\/strong> sur des sujets vari\u00e9s : installation d\u2019un tableau \u00e9lectrique, choix d\u2019un disjoncteur, normes \u00e9lectriques, solutions d\u2019\u00e9clairage, chauffage ou domotique.<\/p>\n\n\n\n<h3 class=\"wp-block-heading\">Notre objectif :<\/h3>\n\n\n\n<p>Notre objectif \u00e0 travers ce blog est de <strong>vulgariser le mat\u00e9riel \u00e9lectrique<\/strong>. Nous souhaitons aider le plus grand nombre \u00e0 comprendre, choisir et installer ses \u00e9quipements en toute confiance.<br>Que vous soyez bricoleur, particulier curieux ou professionnel exigeant, vous trouverez ici des articles utiles, concrets et \u00e0 jour, pens\u00e9s pour simplifier vos projets \u00e9lectriques.<\/p>\n\n\n<p style=\"font-style:normal;font-weight:600;text-transform:none;letter-spacing:0.2px;\" class=\"aligncenter is-style-default wp-block-tag-cloud\"><a href=\"https:\/\/www.la-maison-electrique.com\/blog\/tag\/3g1-5\/\" class=\"tag-cloud-link tag-link-87 tag-link-position-1\" style=\"font-size: 12.418181818182pt;\" aria-label=\"3G1.5 (3 \u00e9l\u00e9ments)\">3G1.5<\/a>\n<a href=\"https:\/\/www.la-maison-electrique.com\/blog\/tag\/3g2-5\/\" class=\"tag-cloud-link tag-link-88 tag-link-position-2\" style=\"font-size: 12.418181818182pt;\" aria-label=\"3G2.5 (3 \u00e9l\u00e9ments)\">3G2.5<\/a>\n<a href=\"https:\/\/www.la-maison-electrique.com\/blog\/tag\/3g6\/\" class=\"tag-cloud-link tag-link-97 tag-link-position-3\" style=\"font-size: 8pt;\" aria-label=\"3G6 (1 \u00e9l\u00e9ment)\">3G6<\/a>\n<a href=\"https:\/\/www.la-maison-electrique.com\/blog\/tag\/accumulateur\/\" class=\"tag-cloud-link tag-link-10 tag-link-position-4\" style=\"font-size: 8pt;\" aria-label=\"Accumulateur (1 \u00e9l\u00e9ment)\">Accumulateur<\/a>\n<a href=\"https:\/\/www.la-maison-electrique.com\/blog\/tag\/appareillage-mural\/\" class=\"tag-cloud-link tag-link-32 tag-link-position-5\" style=\"font-size: 15.069090909091pt;\" aria-label=\"Appareillage Mural (5 \u00e9l\u00e9ments)\">Appareillage Mural<\/a>\n<a href=\"https:\/\/www.la-maison-electrique.com\/blog\/tag\/borne-de-charge\/\" class=\"tag-cloud-link tag-link-16 tag-link-position-6\" style=\"font-size: 8pt;\" aria-label=\"Borne de charge (1 \u00e9l\u00e9ment)\">Borne de charge<\/a>\n<a href=\"https:\/\/www.la-maison-electrique.com\/blog\/tag\/chauffage\/\" class=\"tag-cloud-link tag-link-13 tag-link-position-7\" style=\"font-size: 12.418181818182pt;\" aria-label=\"Chauffage (3 \u00e9l\u00e9ments)\">Chauffage<\/a>\n<a href=\"https:\/\/www.la-maison-electrique.com\/blog\/tag\/chauffage-a-accumulation\/\" class=\"tag-cloud-link tag-link-11 tag-link-position-8\" style=\"font-size: 8pt;\" aria-label=\"Chauffage \u00e0 Accumulation (1 \u00e9l\u00e9ment)\">Chauffage \u00e0 Accumulation<\/a>\n<a href=\"https:\/\/www.la-maison-electrique.com\/blog\/tag\/confort\/\" class=\"tag-cloud-link tag-link-19 tag-link-position-9\" style=\"font-size: 8pt;\" aria-label=\"confort (1 \u00e9l\u00e9ment)\">confort<\/a>\n<a href=\"https:\/\/www.la-maison-electrique.com\/blog\/tag\/connecte\/\" class=\"tag-cloud-link tag-link-18 tag-link-position-10\" style=\"font-size: 8pt;\" aria-label=\"connect\u00e9 (1 \u00e9l\u00e9ment)\">connect\u00e9<\/a>\n<a href=\"https:\/\/www.la-maison-electrique.com\/blog\/tag\/cable\/\" class=\"tag-cloud-link tag-link-86 tag-link-position-11\" style=\"font-size: 10.650909090909pt;\" aria-label=\"C\u00e2ble (2 \u00e9l\u00e9ments)\">C\u00e2ble<\/a>\n<a href=\"https:\/\/www.la-maison-electrique.com\/blog\/tag\/deltadore\/\" class=\"tag-cloud-link tag-link-54 tag-link-position-12\" style=\"font-size: 10.650909090909pt;\" aria-label=\"Deltadore (2 \u00e9l\u00e9ments)\">Deltadore<\/a>\n<a href=\"https:\/\/www.la-maison-electrique.com\/blog\/tag\/disjoncteurs-et-differentiels\/\" class=\"tag-cloud-link tag-link-31 tag-link-position-13\" style=\"font-size: 10.650909090909pt;\" aria-label=\"Disjoncteurs et diff\u00e9rentiels (2 \u00e9l\u00e9ments)\">Disjoncteurs et diff\u00e9rentiels<\/a>\n<a href=\"https:\/\/www.la-maison-electrique.com\/blog\/tag\/domotique-et-securite\/\" class=\"tag-cloud-link tag-link-49 tag-link-position-14\" style=\"font-size: 16.1pt;\" aria-label=\"Domotique et S\u00e9curit\u00e9 (6 \u00e9l\u00e9ments)\">Domotique et S\u00e9curit\u00e9<\/a>\n<a href=\"https:\/\/www.la-maison-electrique.com\/blog\/tag\/encastre\/\" class=\"tag-cloud-link tag-link-81 tag-link-position-15\" style=\"font-size: 8pt;\" aria-label=\"Encastr\u00e9 (1 \u00e9l\u00e9ment)\">Encastr\u00e9<\/a>\n<a href=\"https:\/\/www.la-maison-electrique.com\/blog\/tag\/exterieur\/\" class=\"tag-cloud-link tag-link-94 tag-link-position-16\" style=\"font-size: 8pt;\" aria-label=\"Ext\u00e9rieur (1 \u00e9l\u00e9ment)\">Ext\u00e9rieur<\/a>\n<a href=\"https:\/\/www.la-maison-electrique.com\/blog\/tag\/gaine\/\" class=\"tag-cloud-link tag-link-89 tag-link-position-17\" style=\"font-size: 8pt;\" aria-label=\"Gaine (1 \u00e9l\u00e9ment)\">Gaine<\/a>\n<a href=\"https:\/\/www.la-maison-electrique.com\/blog\/tag\/gamme-produit\/\" class=\"tag-cloud-link tag-link-75 tag-link-position-18\" style=\"font-size: 12.418181818182pt;\" aria-label=\"Gamme Produit (3 \u00e9l\u00e9ments)\">Gamme Produit<\/a>\n<a href=\"https:\/\/www.la-maison-electrique.com\/blog\/tag\/gtl\/\" class=\"tag-cloud-link tag-link-47 tag-link-position-19\" style=\"font-size: 8pt;\" aria-label=\"GTL (1 \u00e9l\u00e9ment)\">GTL<\/a>\n<a href=\"https:\/\/www.la-maison-electrique.com\/blog\/tag\/interrupteurs\/\" class=\"tag-cloud-link tag-link-77 tag-link-position-20\" style=\"font-size: 8pt;\" aria-label=\"Interrupteurs (1 \u00e9l\u00e9ment)\">Interrupteurs<\/a>\n<a href=\"https:\/\/www.la-maison-electrique.com\/blog\/tag\/irc\/\" class=\"tag-cloud-link tag-link-58 tag-link-position-21\" style=\"font-size: 8pt;\" aria-label=\"IRC (1 \u00e9l\u00e9ment)\">IRC<\/a>\n<a href=\"https:\/\/www.la-maison-electrique.com\/blog\/tag\/knx\/\" class=\"tag-cloud-link tag-link-50 tag-link-position-22\" style=\"font-size: 8pt;\" aria-label=\"KNX (1 \u00e9l\u00e9ment)\">KNX<\/a>\n<a href=\"https:\/\/www.la-maison-electrique.com\/blog\/tag\/materiel-electrique\/\" class=\"tag-cloud-link tag-link-30 tag-link-position-23\" style=\"font-size: 12.418181818182pt;\" aria-label=\"Mat\u00e9riel \u00c9lectrique (3 \u00e9l\u00e9ments)\">Mat\u00e9riel \u00c9lectrique<\/a>\n<a href=\"https:\/\/www.la-maison-electrique.com\/blog\/tag\/mureva\/\" class=\"tag-cloud-link tag-link-91 tag-link-position-24\" style=\"font-size: 8pt;\" aria-label=\"Mureva (1 \u00e9l\u00e9ment)\">Mureva<\/a>\n<a href=\"https:\/\/www.la-maison-electrique.com\/blog\/tag\/netatmo\/\" class=\"tag-cloud-link tag-link-53 tag-link-position-25\" style=\"font-size: 10.650909090909pt;\" aria-label=\"Netatmo (2 \u00e9l\u00e9ments)\">Netatmo<\/a>\n<a href=\"https:\/\/www.la-maison-electrique.com\/blog\/tag\/nf-c-15-100\/\" class=\"tag-cloud-link tag-link-78 tag-link-position-26\" style=\"font-size: 10.650909090909pt;\" aria-label=\"NF C 15-100 (2 \u00e9l\u00e9ments)\">NF C 15-100<\/a>\n<a href=\"https:\/\/www.la-maison-electrique.com\/blog\/tag\/norme-ik\/\" class=\"tag-cloud-link tag-link-42 tag-link-position-27\" style=\"font-size: 10.650909090909pt;\" aria-label=\"Norme IK (2 \u00e9l\u00e9ments)\">Norme IK<\/a>\n<a href=\"https:\/\/www.la-maison-electrique.com\/blog\/tag\/norme-ip\/\" class=\"tag-cloud-link tag-link-41 tag-link-position-28\" style=\"font-size: 10.650909090909pt;\" aria-label=\"Norme IP (2 \u00e9l\u00e9ments)\">Norme IP<\/a>\n<a href=\"https:\/\/www.la-maison-electrique.com\/blog\/tag\/normes\/\" class=\"tag-cloud-link tag-link-79 tag-link-position-29\" style=\"font-size: 8pt;\" aria-label=\"Normes (1 \u00e9l\u00e9ment)\">Normes<\/a>\n<a href=\"https:\/\/www.la-maison-electrique.com\/blog\/tag\/normes-electriques\/\" class=\"tag-cloud-link tag-link-40 tag-link-position-30\" style=\"font-size: 12.418181818182pt;\" aria-label=\"Normes \u00c9lectriques (3 \u00e9l\u00e9ments)\">Normes \u00c9lectriques<\/a>\n<a href=\"https:\/\/www.la-maison-electrique.com\/blog\/tag\/prises\/\" class=\"tag-cloud-link tag-link-76 tag-link-position-31\" style=\"font-size: 10.650909090909pt;\" aria-label=\"Prises (2 \u00e9l\u00e9ments)\">Prises<\/a>\n<a href=\"https:\/\/www.la-maison-electrique.com\/blog\/tag\/radiateur\/\" class=\"tag-cloud-link tag-link-12 tag-link-position-32\" style=\"font-size: 10.650909090909pt;\" aria-label=\"Radiateur (2 \u00e9l\u00e9ments)\">Radiateur<\/a>\n<a href=\"https:\/\/www.la-maison-electrique.com\/blog\/tag\/resi9\/\" class=\"tag-cloud-link tag-link-101 tag-link-position-33\" style=\"font-size: 8pt;\" aria-label=\"Resi9 (1 \u00e9l\u00e9ment)\">Resi9<\/a>\n<a href=\"https:\/\/www.la-maison-electrique.com\/blog\/tag\/saillie\/\" class=\"tag-cloud-link tag-link-80 tag-link-position-34\" style=\"font-size: 8pt;\" aria-label=\"Saillie (1 \u00e9l\u00e9ment)\">Saillie<\/a>\n<a href=\"https:\/\/www.la-maison-electrique.com\/blog\/tag\/schneider\/\" class=\"tag-cloud-link tag-link-92 tag-link-position-35\" style=\"font-size: 10.650909090909pt;\" aria-label=\"Schneider (2 \u00e9l\u00e9ments)\">Schneider<\/a>\n<a href=\"https:\/\/www.la-maison-electrique.com\/blog\/tag\/somfy\/\" class=\"tag-cloud-link tag-link-56 tag-link-position-36\" style=\"font-size: 10.650909090909pt;\" aria-label=\"Somfy (2 \u00e9l\u00e9ments)\">Somfy<\/a>\n<a href=\"https:\/\/www.la-maison-electrique.com\/blog\/tag\/tableaux-electriques\/\" class=\"tag-cloud-link tag-link-29 tag-link-position-37\" style=\"font-size: 10.650909090909pt;\" aria-label=\"Tableaux \u00c9lectriques (2 \u00e9l\u00e9ments)\">Tableaux \u00c9lectriques<\/a>\n<a href=\"https:\/\/www.la-maison-electrique.com\/blog\/tag\/temperature-de-couleur\/\" class=\"tag-cloud-link tag-link-59 tag-link-position-38\" style=\"font-size: 8pt;\" aria-label=\"Temp\u00e9rature de couleur (1 \u00e9l\u00e9ment)\">Temp\u00e9rature de couleur<\/a>\n<a href=\"https:\/\/www.la-maison-electrique.com\/blog\/tag\/urmet\/\" class=\"tag-cloud-link tag-link-55 tag-link-position-39\" style=\"font-size: 10.650909090909pt;\" aria-label=\"Urmet (2 \u00e9l\u00e9ments)\">Urmet<\/a>\n<a href=\"https:\/\/www.la-maison-electrique.com\/blog\/tag\/wiser\/\" class=\"tag-cloud-link tag-link-17 tag-link-position-40\" style=\"font-size: 13.890909090909pt;\" aria-label=\"Wiser (4 \u00e9l\u00e9ments)\">Wiser<\/a>\n<a href=\"https:\/\/www.la-maison-electrique.com\/blog\/tag\/xp\/\" class=\"tag-cloud-link tag-link-102 tag-link-position-41\" style=\"font-size: 8pt;\" aria-label=\"XP (1 \u00e9l\u00e9ment)\">XP<\/a>\n<a href=\"https:\/\/www.la-maison-electrique.com\/blog\/tag\/eclairage\/\" class=\"tag-cloud-link tag-link-37 tag-link-position-42\" style=\"font-size: 12.418181818182pt;\" aria-label=\"\u00c9clairage (3 \u00e9l\u00e9ments)\">\u00c9clairage<\/a>\n<a href=\"https:\/\/www.la-maison-electrique.com\/blog\/tag\/eclairage-interieur\/\" class=\"tag-cloud-link tag-link-43 tag-link-position-43\" style=\"font-size: 10.650909090909pt;\" aria-label=\"\u00c9clairage Int\u00e9rieur (2 \u00e9l\u00e9ments)\">\u00c9clairage Int\u00e9rieur<\/a>\n<a href=\"https:\/\/www.la-maison-electrique.com\/blog\/tag\/eclairage-exterieur\/\" class=\"tag-cloud-link tag-link-38 tag-link-position-44\" style=\"font-size: 8pt;\" aria-label=\"\u00c9clairage \u00c9xt\u00e9rieur (1 \u00e9l\u00e9ment)\">\u00c9clairage \u00c9xt\u00e9rieur<\/a>\n<a href=\"https:\/\/www.la-maison-electrique.com\/blog\/tag\/etanche\/\" class=\"tag-cloud-link tag-link-93 tag-link-position-45\" style=\"font-size: 8pt;\" aria-label=\"\u00c9tanche (1 \u00e9l\u00e9ment)\">\u00c9tanche<\/a><\/p>\n\n\n<hr class=\"wp-block-separator has-alpha-channel-opacity is-style-wide\"\/>\n\n\n\n<h2 class=\"wp-block-heading\">Pourquoi choisir <strong>La Maison \u00c9lectrique<\/strong> ?<\/h2>\n\n\n\n<p><strong>La Maison \u00c9lectrique<\/strong> vous propose <strong>le plus large choix de mat\u00e9riel \u00e9lectrique et d\u2019\u00e9clairage sur Internet<\/strong>.<br>Notre boutique en ligne se distingue par sa clart\u00e9, sa transparence et ses prix comp\u00e9titifs. Nous tenons \u00e9galement \u00e0 offrir des tarifs de livraison optimis\u00e9s pour avoir le meilleur rapport qualit\u00e9\/prix possible.<\/p>\n\n\n\n<p>Notre \u00e9quipe est compos\u00e9e de sp\u00e9cialistes des achats, de la communication et de la gestion, mais aussi de techniciens qualifi\u00e9s ma\u00eetrisant parfaitement l\u2019installation et l\u2019utilisation du mat\u00e9riel \u00e9lectrique.<br><br>Nous mettons tout notre savoir-faire au service de vos projets, qu\u2019il s\u2019agisse de <strong>r\u00e9novation, d\u2019installation ou d\u2019am\u00e9nagement \u00e9lectrique<\/strong>.<\/p>\n\n\n\n<h3 class=\"wp-block-heading\">Nos atouts :<\/h3>\n\n\n\n<ul class=\"wp-block-list\">\n<li>Des <strong>milliers de r\u00e9f\u00e9rences<\/strong> parmi les <strong>plus grandes marques<\/strong> (Schneider, Hager, Legrand, Noirot, Artemide\u2026)<\/li>\n\n\n\n<li>Des <strong>prix gagnants toute l\u2019ann\u00e9e<\/strong><\/li>\n\n\n\n<li>Des <strong>paiements 100% s\u00e9curis\u00e9s<\/strong> : Carte Bancaire (3D Secure), PayPal et Virement<\/li>\n\n\n\n<li>Une <strong>offre compl\u00e8te en mat\u00e9riel \u00e9lectrique et \u00e9clairage<\/strong> accessible \u00e0 tous<\/li>\n<\/ul>\n\n\n\n<h3 class=\"wp-block-heading\">Le respect des normes : <\/h3>\n\n\n\n<p>Le respect des normes \u00e9lectriques en vigueur est indispensable pour assurer la s\u00e9curit\u00e9 et la fiabilit\u00e9 de chaque installation. Ces r\u00e9glementations d\u00e9finissent les bonnes pratiques concernant le choix du mat\u00e9riel, le c\u00e2blage, la mise \u00e0 la terre et la protection des circuits.<br><br>Conscients de l\u2019importance d\u2019\u00eatre inform\u00e9 et de disposer d\u2019une installation conforme, nous nous engageons \u00e0 vous orienter vers les ressources les plus fiables et les plus pertinentes sur chacun des sujets que nous abordons.<\/p>\n\n\n\n<p><strong>La norme incontournable :<\/strong> <a href=\"https:\/\/www.promotelec.com\/particuliers\/fiche\/nf-c-15-100-la-norme-de-reference-pour-linstallation-electrique\/\"><strong>NF C 15-100<\/strong><\/a><\/p>\n\n\n\n<p>En esp\u00e9rant vous transmettre <strong>notre passion du mat\u00e9riel \u00e9lectrique<\/strong> et vous accompagner dans la <strong>r\u00e9ussite de tous vos projets<\/strong> !<\/p>\n\n\n\n<p><\/p>\n","protected":false},"excerpt":{"rendered":"<p>D\u00e9couvrez La Maison \u00c9lectrique, le site de r\u00e9f\u00e9rence pour tout votre mat\u00e9riel \u00e9lectrique d\u00e9di\u00e9 \u00e0 la r\u00e9novation, l\u2019installation et la domotique. Retrouvez l\u2019offre la plus compl\u00e8te du web : des milliers de r\u00e9f\u00e9rences parmi les plus grandes marques, des produits r\u00e9serv\u00e9s aux professionnels, et surtout des prix imbattables toute l\u2019ann\u00e9e. Le mat\u00e9riel \u00e9lectrique au c\u0153ur [&hellip;]<\/p>\n","protected":false},"author":4,"featured_media":0,"parent":0,"menu_order":0,"comment_status":"closed","ping_status":"closed","template":"","meta":{"footnotes":""},"class_list":["post-780","page","type-page","status-publish","hentry","entry"],"yoast_head":"<!-- This site is optimized with the Yoast SEO plugin v23.9 - https:\/\/yoast.com\/wordpress\/plugins\/seo\/ -->\n<title>La Maison \u00c9lectrique - le mat\u00e9riel \u00e9lectrique abordable - Blog LME<\/title>\n<meta name=\"description\" content=\"Le blog LME vous partage conseils, guides et actus pour bien choisir et installer votre mat\u00e9riel \u00e9lectrique et domotique.\" \/>\n<meta name=\"robots\" content=\"index, follow, max-snippet:-1, max-image-preview:large, max-video-preview:-1\" \/>\n<link rel=\"canonical\" href=\"https:\/\/www.la-maison-electrique.com\/blog\/\" \/>\n<meta property=\"og:locale\" content=\"fr_FR\" \/>\n<meta property=\"og:type\" content=\"article\" \/>\n<meta property=\"og:title\" content=\"La Maison \u00c9lectrique - le mat\u00e9riel \u00e9lectrique abordable - Blog LME\" \/>\n<meta property=\"og:description\" content=\"Le blog LME vous partage conseils, guides et actus pour bien choisir et installer votre mat\u00e9riel \u00e9lectrique et domotique.\" \/>\n<meta property=\"og:url\" content=\"https:\/\/www.la-maison-electrique.com\/blog\/\" \/>\n<meta property=\"og:site_name\" content=\"Blog LME\" \/>\n<meta property=\"article:modified_time\" content=\"2026-02-11T07:37:09+00:00\" \/>\n<meta name=\"twitter:card\" content=\"summary_large_image\" \/>\n<meta name=\"twitter:label1\" content=\"Dur\u00e9e de lecture estim\u00e9e\" \/>\n\t<meta name=\"twitter:data1\" content=\"3 minutes\" \/>\n<script type=\"application\/ld+json\" class=\"yoast-schema-graph\">{\"@context\":\"https:\/\/schema.org\",\"@graph\":[{\"@type\":\"WebPage\",\"@id\":\"https:\/\/www.la-maison-electrique.com\/blog\/\",\"url\":\"https:\/\/www.la-maison-electrique.com\/blog\/\",\"name\":\"La Maison \u00c9lectrique - le mat\u00e9riel \u00e9lectrique abordable - Blog LME\",\"isPartOf\":{\"@id\":\"https:\/\/www.la-maison-electrique.com\/blog\/#website\"},\"datePublished\":\"2025-10-09T12:45:05+00:00\",\"dateModified\":\"2026-02-11T07:37:09+00:00\",\"description\":\"Le blog LME vous partage conseils, guides et actus pour bien choisir et installer votre mat\u00e9riel \u00e9lectrique et domotique.\",\"breadcrumb\":{\"@id\":\"https:\/\/www.la-maison-electrique.com\/blog\/#breadcrumb\"},\"inLanguage\":\"fr-FR\",\"potentialAction\":[{\"@type\":\"ReadAction\",\"target\":[\"https:\/\/www.la-maison-electrique.com\/blog\/\"]}]},{\"@type\":\"BreadcrumbList\",\"@id\":\"https:\/\/www.la-maison-electrique.com\/blog\/#breadcrumb\",\"itemListElement\":[{\"@type\":\"ListItem\",\"position\":1,\"name\":\"LME\",\"item\":\"https:\/\/www.la-maison-electrique.com\/blog\/\"},{\"@type\":\"ListItem\",\"position\":2,\"name\":\"La Maison \u00c9lectrique &#8211; le mat\u00e9riel \u00e9lectrique abordable\"}]},{\"@type\":\"WebSite\",\"@id\":\"https:\/\/www.la-maison-electrique.com\/blog\/#website\",\"url\":\"https:\/\/www.la-maison-electrique.com\/blog\/\",\"name\":\"Blog LME\",\"description\":\"Le mat\u00e9riel \u00e9lectrique de qualit\u00e9 professionnelle pour tous, \u00e0 prix grossiste\",\"publisher\":{\"@id\":\"https:\/\/www.la-maison-electrique.com\/blog\/#organization\"},\"potentialAction\":[{\"@type\":\"SearchAction\",\"target\":{\"@type\":\"EntryPoint\",\"urlTemplate\":\"https:\/\/www.la-maison-electrique.com\/blog\/?s={search_term_string}\"},\"query-input\":{\"@type\":\"PropertyValueSpecification\",\"valueRequired\":true,\"valueName\":\"search_term_string\"}}],\"inLanguage\":\"fr-FR\"},{\"@type\":\"Organization\",\"@id\":\"https:\/\/www.la-maison-electrique.com\/blog\/#organization\",\"name\":\"Blog LME\",\"url\":\"https:\/\/www.la-maison-electrique.com\/blog\/\",\"logo\":{\"@type\":\"ImageObject\",\"inLanguage\":\"fr-FR\",\"@id\":\"https:\/\/www.la-maison-electrique.com\/blog\/#\/schema\/logo\/image\/\",\"url\":\"https:\/\/www.la-maison-electrique.com\/blog\/wp-content\/uploads\/2023\/09\/cropped-la-maison-electrique-logo.png\",\"contentUrl\":\"https:\/\/www.la-maison-electrique.com\/blog\/wp-content\/uploads\/2023\/09\/cropped-la-maison-electrique-logo.png\",\"width\":200,\"height\":47,\"caption\":\"Blog LME\"},\"image\":{\"@id\":\"https:\/\/www.la-maison-electrique.com\/blog\/#\/schema\/logo\/image\/\"}}]}<\/script>\n<!-- \/ Yoast SEO plugin. -->","yoast_head_json":{"title":"La Maison \u00c9lectrique - le mat\u00e9riel \u00e9lectrique abordable - Blog LME","description":"Le blog LME vous partage conseils, guides et actus pour bien choisir et installer votre mat\u00e9riel \u00e9lectrique et domotique.","robots":{"index":"index","follow":"follow","max-snippet":"max-snippet:-1","max-image-preview":"max-image-preview:large","max-video-preview":"max-video-preview:-1"},"canonical":"https:\/\/www.la-maison-electrique.com\/blog\/","og_locale":"fr_FR","og_type":"article","og_title":"La Maison \u00c9lectrique - le mat\u00e9riel \u00e9lectrique abordable - Blog LME","og_description":"Le blog LME vous partage conseils, guides et actus pour bien choisir et installer votre mat\u00e9riel \u00e9lectrique et domotique.","og_url":"https:\/\/www.la-maison-electrique.com\/blog\/","og_site_name":"Blog LME","article_modified_time":"2026-02-11T07:37:09+00:00","twitter_card":"summary_large_image","twitter_misc":{"Dur\u00e9e de lecture estim\u00e9e":"3 minutes"},"schema":{"@context":"https:\/\/schema.org","@graph":[{"@type":"WebPage","@id":"https:\/\/www.la-maison-electrique.com\/blog\/","url":"https:\/\/www.la-maison-electrique.com\/blog\/","name":"La Maison \u00c9lectrique - le mat\u00e9riel \u00e9lectrique abordable - Blog LME","isPartOf":{"@id":"https:\/\/www.la-maison-electrique.com\/blog\/#website"},"datePublished":"2025-10-09T12:45:05+00:00","dateModified":"2026-02-11T07:37:09+00:00","description":"Le blog LME vous partage conseils, guides et actus pour bien choisir et installer votre mat\u00e9riel \u00e9lectrique et domotique.","breadcrumb":{"@id":"https:\/\/www.la-maison-electrique.com\/blog\/#breadcrumb"},"inLanguage":"fr-FR","potentialAction":[{"@type":"ReadAction","target":["https:\/\/www.la-maison-electrique.com\/blog\/"]}]},{"@type":"BreadcrumbList","@id":"https:\/\/www.la-maison-electrique.com\/blog\/#breadcrumb","itemListElement":[{"@type":"ListItem","position":1,"name":"LME","item":"https:\/\/www.la-maison-electrique.com\/blog\/"},{"@type":"ListItem","position":2,"name":"La Maison \u00c9lectrique &#8211; le mat\u00e9riel \u00e9lectrique abordable"}]},{"@type":"WebSite","@id":"https:\/\/www.la-maison-electrique.com\/blog\/#website","url":"https:\/\/www.la-maison-electrique.com\/blog\/","name":"Blog LME","description":"Le mat\u00e9riel \u00e9lectrique de qualit\u00e9 professionnelle pour tous, \u00e0 prix grossiste","publisher":{"@id":"https:\/\/www.la-maison-electrique.com\/blog\/#organization"},"potentialAction":[{"@type":"SearchAction","target":{"@type":"EntryPoint","urlTemplate":"https:\/\/www.la-maison-electrique.com\/blog\/?s={search_term_string}"},"query-input":{"@type":"PropertyValueSpecification","valueRequired":true,"valueName":"search_term_string"}}],"inLanguage":"fr-FR"},{"@type":"Organization","@id":"https:\/\/www.la-maison-electrique.com\/blog\/#organization","name":"Blog LME","url":"https:\/\/www.la-maison-electrique.com\/blog\/","logo":{"@type":"ImageObject","inLanguage":"fr-FR","@id":"https:\/\/www.la-maison-electrique.com\/blog\/#\/schema\/logo\/image\/","url":"https:\/\/www.la-maison-electrique.com\/blog\/wp-content\/uploads\/2023\/09\/cropped-la-maison-electrique-logo.png","contentUrl":"https:\/\/www.la-maison-electrique.com\/blog\/wp-content\/uploads\/2023\/09\/cropped-la-maison-electrique-logo.png","width":200,"height":47,"caption":"Blog LME"},"image":{"@id":"https:\/\/www.la-maison-electrique.com\/blog\/#\/schema\/logo\/image\/"}}]}},"_links":{"self":[{"href":"https:\/\/www.la-maison-electrique.com\/blog\/wp-json\/wp\/v2\/pages\/780","targetHints":{"allow":["GET"]}}],"collection":[{"href":"https:\/\/www.la-maison-electrique.com\/blog\/wp-json\/wp\/v2\/pages"}],"about":[{"href":"https:\/\/www.la-maison-electrique.com\/blog\/wp-json\/wp\/v2\/types\/page"}],"author":[{"embeddable":true,"href":"https:\/\/www.la-maison-electrique.com\/blog\/wp-json\/wp\/v2\/users\/4"}],"replies":[{"embeddable":true,"href":"https:\/\/www.la-maison-electrique.com\/blog\/wp-json\/wp\/v2\/comments?post=780"}],"version-history":[{"count":35,"href":"https:\/\/www.la-maison-electrique.com\/blog\/wp-json\/wp\/v2\/pages\/780\/revisions"}],"predecessor-version":[{"id":1766,"href":"https:\/\/www.la-maison-electrique.com\/blog\/wp-json\/wp\/v2\/pages\/780\/revisions\/1766"}],"wp:attachment":[{"href":"https:\/\/www.la-maison-electrique.com\/blog\/wp-json\/wp\/v2\/media?parent=780"}],"curies":[{"name":"wp","href":"https:\/\/api.w.org\/{rel}","templated":true}]}}